{"id":2464,"date":"2016-06-01T23:21:34","date_gmt":"2016-06-01T23:21:34","guid":{"rendered":"http:\/\/preview.ait-themes.club\/theme\/farmworld\/?page_id=2464"},"modified":"2020-10-08T12:33:15","modified_gmt":"2020-10-08T10:33:15","slug":"terms-conditions","status":"publish","type":"page","link":"https:\/\/melivita.cz\/?page_id=2464","title":{"rendered":"GDPR"},"content":{"rendered":"<p align=\"center\"><strong>P\u0158EDPIS PRO ZPRACOV\u00c1N\u00cd OSOBN\u00cdCH \u00daDAJ\u016e A JEJICH OCHRANA<\/strong><\/p>\n<p>Soci\u00e1ln\u00ed podnik MELIVITA s.r.o. I\u010c 05012538, se s\u00eddlem Kratochv\u00edlova 3, 702 00 Ostrava, je pro \u00fa\u010dely zpracov\u00e1n\u00ed osobn\u00edch \u00fadaj\u016f spr\u00e1vcem \u00fadaj (d\u00e1le jen spr\u00e1vce), kter\u00e9 n\u00e1m Vy, jako subjekt \u00fadaj\u016f poskytnete (d\u00e1le jen subjekt \u00fadaj\u016f).<\/p>\n<p>Abychom byli v souladu s\u00a0evropsk\u00fdm na\u0159\u00edzen\u00edm GDPR, sladili jsme na\u0161e postupy s\u00a0platnou legislativou, proto\u017ee db\u00e1me na bezpe\u010dnost Va\u0161ich osobn\u00edch \u00fadaj\u016f, kter\u00e9 jste n\u00e1m sv\u011b\u0159ili.<\/p>\n<p>Za \u00fa\u010delem zaji\u0161t\u011bn\u00ed transparentnosti p\u0159i zach\u00e1zen\u00ed s\u00a0osobn\u00edmi \u00fadaji p\u0159i na\u0161em podnik\u00e1n\u00ed, jsme vytvo\u0159ili p\u0159edlo\u017een\u00fd p\u0159edpis pro zpracov\u00e1n\u00ed osobn\u00edch \u00fadaj\u016f a jejich ochranu. Na\u0161im c\u00edlem je zv\u00fd\u0161it pov\u011bdom\u00ed subjekt\u016f \u00fadaj\u016f o zach\u00e1zen\u00ed s\u00a0osobn\u00edmi \u00fadaji, o Va\u0161ich pr\u00e1vech a na\u0161ich povinnostech Va\u0161e \u00fadaje \u0159\u00e1dn\u011b zabezpe\u010dit a informovat V\u00e1s o jejich zpracov\u00e1n\u00ed.<\/p>\n<p>V\u00a0p\u0159\u00edpad\u011b dotaz\u016f souvisej\u00edc\u00edch se zpracov\u00e1n\u00edm osobn\u00edch \u00fadaj\u016f se m\u016f\u017eete obracet na uveden\u00fd kontakt: Mgr. Kate\u0159ina Cyrusov\u00e1, tel. 731\u00a0625\u00a0862,\u00a0<a href=\"mailto:katerina.cyrusova@melivita.cz\">katerina.cyrusova@melivita.cz<\/a><\/p>\n<ol>\n<li><strong>Slu\u017eby poskytovan\u00e9 spr\u00e1vcem \u00fadaj\u016f<\/strong><\/li>\n<\/ol>\n<p>Spr\u00e1vce \u00fadaj\u016f poskytuje prodej sva\u010din prost\u0159ednictv\u00edm on-line obchodu um\u00edst\u011bn\u00e9m na internetov\u00e9 adrese\u00a0<a href=\"http:\/\/www.melivita.cz\/\">www.melivita.cz<\/a>.<\/p>\n<ol>\n<li value=\"2\"><strong>\u00da\u010del zpracov\u00e1v\u00e1n\u00ed osobn\u00edch \u00fadaj\u016f<\/strong><\/li>\n<\/ol>\n<p>Spr\u00e1vce \u00fadaj zpracov\u00e1v\u00e1 osobn\u00ed \u00fadaje:<\/p>\n<ol>\n<li>Zam\u011bstnanc\u016f \u2013 v\u00a0souladu se z\u00e1konem \u010d. 89\/2012, ob\u010d. z\u00e1kon\u00edk (v platn\u00e9m zn\u011bn\u00ed), z\u00e1konem \u010d. 262\/2006 z\u00e1kon\u00edk pr\u00e1ce a souvisej\u00edc\u00edmi pr\u00e1vn\u00edmi p\u0159edpisy za \u00fa\u010delem identifikace a pln\u011bn\u00ed smluvn\u00edho vztahu<\/li>\n<\/ol>\n<ol>\n<li value=\"2\">Subjekt\u016f \u00fadaj\u016f \u2013 na z\u00e1klad\u011b objedn\u00e1vky, kdy jsou zpracov\u00e1v\u00e1ny jen ty \u00fadaje, kter\u00e9 jsou nezbytn\u011b nutn\u00e9 pro napln\u011bn\u00ed povinnost\u00ed plynouc\u00ed ze smlouvy (p\u0159ed\u00e1n\u00ed zbo\u017e\u00ed).<\/li>\n<\/ol>\n<ol>\n<li value=\"3\">Dodavatel\u016f\/ obchodn\u00edch partner\u016f \u2013 za \u00fa\u010delem pln\u011bn\u00ed smluvn\u00edho vztahu.<\/li>\n<\/ol>\n<ol>\n<li value=\"3\"><strong>Osobn\u00ed \u00fadaje zpracov\u00e1van\u00e9 spr\u00e1vcem \u00fadaj\u016f<\/strong><\/li>\n<\/ol>\n<ol>\n<li>Zam\u011bstnanci \u2013 jm\u00e9no, p\u0159\u00edjmen\u00ed, titul, datum a m\u00edsto narozen\u00ed, rodn\u00e9 \u010d\u00edslo, adresu sou\u010dasn\u00e9ho bydli\u0161t\u011b, telefonn\u00ed \u010d\u00edslo, e-mailov\u00e1 adresa, kvalifikace, st\u00e1tn\u00ed p\u0159\u00edslu\u0161nost, n\u00e1rodnost, zdravotn\u00ed zp\u016fsobilost, \u010d\u00edslo \u00fa\u010dtu, \u010d\u00edslo OP, zdravotn\u00ed poji\u0161\u0165ovna, sr\u00e1\u017eky ze mzdy, aktu\u00e1ln\u00ed v\u00fd\u0161e pohled\u00e1vek, v\u00fd\u0161e mzdy, odpracovan\u00e9 hodiny, \u00fadaje o rodinn\u00e9m stavu, evidence odvod\u016f do soci\u00e1ln\u00edho a zdravotn\u00edho poji\u0161t\u011bn\u00ed a da\u0148ov\u00e1 evidence, podpis a dal\u0161\u00ed \u00fadaje o zam\u011bstnaneck\u00e9m vztahu a jeho pr\u016fb\u011bhu.<\/li>\n<\/ol>\n<ol>\n<li value=\"2\">Subjekt \u00fadaj\u016f \u2013 jm\u00e9no a p\u0159\u00edjmen\u00ed (jm\u00e9no a p\u0159\u00edjmen\u00ed d\u00edt\u011bte), v\u011bk d\u00edt\u011bte, t\u0159\u00edda, kterou d\u00edt\u011b nav\u0161t\u011bvuje, e-mailov\u00e1 adresa, telefonn\u00ed \u010d\u00edslo, \u010d\u00edslo bankovn\u00edho \u00fa\u010dtu, v p\u0159\u00edpad\u011b fakturace firm\u00e1m tak\u00e9 I\u010c a adresu. Spr\u00e1vce \u00fadaj\u016f vede seznam, kde eviduje osobn\u00ed \u00fadaje subjekt\u016f \u00fadaj\u016f za \u00fa\u010delem poskytnut\u00ed slu\u017eby (tzn. doru\u010den\u00ed sva\u010diny, z\u00a0d\u016fvodu p\u0159ehledu o z\u016fstatku kreditu, nebo p\u0159\u00edpadn\u00e9m vr\u00e1cen\u00ed p\u0159eplatku, aj.).<\/li>\n<\/ol>\n<ol>\n<li value=\"3\">Dodavatel\u00e9 \u2013 jm\u00e9no a p\u0159\u00edjmen\u00ed, titul, e-mailov\u00e1 adresa, I\u010c, tel. \u010d\u00edslo, \u010d\u00edslo bankovn\u00edho \u00fa\u010dtu.<\/li>\n<\/ol>\n<ol>\n<li value=\"4\"><strong>Zp\u016fsob zpracov\u00e1v\u00e1n\u00ed osobn\u00edch \u00fadaj\u016f a jejich ochrana<\/strong><\/li>\n<\/ol>\n<ol>\n<li>Zam\u011bstnanci \u2013 neposkytne-li uchaze\u010d o zam\u011bstn\u00e1n\u00ed souhlas se zpracov\u00e1n\u00edm osobn\u00edch \u00fadaj\u016f nad r\u00e1mec dan\u00e9ho \u00fa\u010delu (p\u0159ihl\u00e1\u0161en\u00ed se k\u00a0v\u00fdb\u011brov\u00e9mu \u0159\u00edzen\u00ed), jsou po skon\u010den\u00ed v\u00fdb\u011brov\u00e9ho \u0159\u00edzen\u00ed \u00fadaje smaz\u00e1ny. Zam\u011bstnanci poskytuj\u00ed souhlas se zpracov\u00e1n\u00edm osobn\u00edch \u00fadaj\u016f ve vstupn\u00edm dotazn\u00edku, kter\u00fd vypl\u0148uj\u00ed a p\u0159ed\u00e1vaj\u00ed zam\u011bstnavateli p\u0159i podpisu pracovn\u00ed smlouvy.<\/li>\n<\/ol>\n<ol>\n<li value=\"2\">Subjekty \u00fadaj\u016f \u2013 spr\u00e1vce syst\u00e9mu vede v\u00a0objedn\u00e1vkov\u00e9m syst\u00e9mu seznamy z\u00e1kazn\u00edk\u016f, kter\u00e9 si vytvo\u0159ili u\u017eivatelsk\u00fd \u00fa\u010det a poskytli spr\u00e1vci osobn\u00ed \u00fadaje za \u00fa\u010delem zaji\u0161t\u011bn\u00ed poskytovan\u00fdch slu\u017eeb.<\/li>\n<\/ol>\n<ol>\n<li value=\"3\">Dodavatel\u00e9 &#8211; Spr\u00e1vce \u00fadaj\u016f vede seznamy, kde eviduje \u00fadaje dodavatel\u016f, kter\u00e9 jsou nezbytn\u00e9 pro pln\u011bn\u00ed smluvn\u00edho vztahu.<\/li>\n<\/ol>\n<p>Osobn\u00ed \u00fadaje jsou poskytov\u00e1ny jen po nezbytn\u011b pot\u0159ebnou dobu a jen pro \u00fa\u010dely, pro kter\u00e9 byly \u00fadaje poskytnuty.<\/p>\n<p>Spr\u00e1vce \u00fadaj\u016f je opr\u00e1vn\u011bn zpracov\u00e1vat osobn\u00ed \u00fadaje automatizovan\u011b i manu\u00e1ln\u011b a to tak\u00e9 prost\u0159ednictv\u00edm ur\u010den\u00fdch zpracovatel\u016f. Osobn\u00ed \u00fadaje jsou zp\u0159\u00edstupn\u011bn\u00fd pouze opr\u00e1vn\u011bn\u00fdm osob\u00e1m, tj. jednatelce podniku, mistrov\u00e9 v\u00fdroby, \u00fa\u010detn\u00ed, kter\u00e1 je pov\u011b\u0159ena veden\u00edm \u00fa\u010detnictv\u00ed soci\u00e1ln\u00edho podniku nebo z\u00e1stupc\u016fm kontroln\u00edho org\u00e1nu z\u00a0d\u016fvodu \u010derp\u00e1n\u00ed dota\u010dn\u00edch prost\u0159edk\u016f na provoz podniku z\u00a0OP Zam\u011bstnanost. Na vy\u017e\u00e1d\u00e1n\u00ed je prod\u00e1vaj\u00edc\u00ed povinen poskytnout Va\u0161e osobn\u00ed \u00fadaje tak\u00e9 st\u00e1tn\u00edm org\u00e1n\u016fm (nap\u0159. Policie nebo st\u00e1tn\u00ed \u00fa\u0159ady v\u00a0r\u00e1mci prov\u00e1d\u011bn\u00fdch kontrol). V\u0161echny opr\u00e1vn\u011bn\u00e9 osoby s\u00a0p\u0159\u00edstupem k\u00a0osobn\u00edm \u00fadaj\u016fm jsou zav\u00e1z\u00e1ny povinnost\u00ed ml\u010denlivosti, a tato povinnosti trv\u00e1 i po ukon\u010den\u00ed jejich \u010dinnosti pro Melivitu, s.r.o.<\/p>\n<p>Osobn\u00ed \u00fadaje zpracov\u00e1van\u00e9 Melivitou nejsou p\u0159ed\u00e1v\u00e1ny do t\u0159et\u00edch zem\u00ed., tj. mimo zem\u011b EU a EHP, ani mezin\u00e1rodn\u00edm organizac\u00edm.<\/p>\n<p>Nikdo z\u00a0uveden\u00fdch zpracovatel\u016f nen\u00ed opr\u00e1vn\u011bn vyu\u017e\u00edvat poskytnut\u00e9 osobn\u00ed \u00fadaje pro sv\u00e9 vlastn\u00ed, marketingov\u00e9 \u010di jak\u00e9koli jin\u00e9 \u00fa\u010dely.<\/p>\n<ol>\n<li value=\"5\"><strong>Minimalizace \u00fadaj\u016f a omezen\u00ed ulo\u017een\u00ed<\/strong><\/li>\n<\/ol>\n<p>Spr\u00e1vce \u00fadaj\u016f omezuje zpracov\u00e1n\u00ed \u00fadaj\u016f na rozsah nezbytn\u00fd pro \u00fa\u010dely zpracov\u00e1n\u00ed. Spr\u00e1vce \u00fadaj\u016f neuchov\u00e1v\u00e1 osobn\u00ed \u00fadaje po dobu del\u0161\u00ed ne\u017e je nezbytn\u00e9 s\u00a0ohledem na \u00fa\u010dely zpracov\u00e1n\u00ed, resp. Po kterou je povinna osobn\u00ed \u00fadaje uchov\u00e1vat. Spr\u00e1vce \u00fadaj\u016f dodr\u017euje povinnost archivovat stanoven\u00e9 osobn\u00ed \u00fadaje po vymezenou dobu, nap\u0159. pro \u00fa\u010dely da\u0148ov\u00e9 kontroly, ov\u011b\u0159en\u00ed n\u00e1rok\u016f v\u00a0r\u00e1mci d\u016fchodov\u00e9ho nebo nemocensk\u00e9ho poji\u0161t\u011bn\u00ed nebo z\u00a0d\u016fvodu u\u017eit\u00ed finan\u010dn\u00edch prost\u0159edk\u016f z\u00a0dota\u010dn\u00edho programu.<\/p>\n<p>Spr\u00e1vce \u00fadaj\u016f minimalizuje \u010dinnosti zpracov\u00e1n\u00ed osobn\u00edch \u00fadaj\u016f na nezbytn\u00fd rozsah\u00a0 a zpracov\u00e1n\u00ed prov\u00e1d\u00ed po dobu nezbytnou pro \u00fa\u010dely zpracov\u00e1n\u00ed. Spr\u00e1vce \u00fadaj\u016f zav\u00e1d\u00ed za \u00fa\u010delem minimalizace zpracov\u00e1n\u00ed\u00a0 alespo\u0148 n\u00e1sleduj\u00edc\u00ed vhodn\u00e1 opat\u0159en\u00ed:<\/p>\n<ol>\n<li>P\u0159i obdr\u017een\u00ed osobn\u00edch \u00fadaj\u016f tyto t\u0159\u00edd\u00ed a neukl\u00e1d\u00e1 \u010di za\u010der\u0148uje, kter\u00e9 jsou nepot\u0159ebn\u00e9.<\/li>\n<li>Pravideln\u011b proch\u00e1z\u00ed spisy zam\u011bstnanc\u016f a u\u017eivatelsk\u00e9 \u00fa\u010dty a nepot\u0159ebn\u00e9 \u00fadaje vymaz\u00e1v\u00e1 nebo skartuje.<\/li>\n<li>P\u0159i p\u0159evodu ji\u017e neaktivn\u00edch spis\u016f do archivace t\u0159\u00edd\u00ed osobn\u00ed \u00fadaje v\u00a0nich obsa\u017een\u00e9 a za\u010der\u0148uje \u010di skartuje nepot\u0159ebn\u00e9.<\/li>\n<li>\u0158\u00edd\u00ed se sv\u00fdm archiva\u010dn\u00edm \u0159\u00e1dem, kter\u00fd zohled\u0148uje z\u00e1konem stanoven\u00e9 doby archivace.<\/li>\n<\/ol>\n<p>Spr\u00e1vce \u00fadaj\u016f zpracov\u00e1v\u00e1 osobn\u00ed \u00fadaje uchaze\u010d\u016f o zam\u011bstn\u00e1n\u00ed. U \u00fasp\u011b\u0161n\u00fdch uchaze\u010d\u016f se p\u0159edlo\u017een\u00e9 \u017eivotopisy a dal\u0161\u00ed dokumenty st\u00e1vaj\u00ed sou\u010d\u00e1st\u00ed osobn\u00edho spisu zam\u011bstnance.<\/p>\n<p>U ne\u00fasp\u011b\u0161n\u00fdch uchaze\u010d\u016f op zam\u011bstn\u00e1n\u00ed uchov\u00e1v\u00e1 spr\u00e1vce \u00fadaj\u016f \u017eivotopisy max. po dobu dvou let pro \u00fa\u010dely p\u0159\u00edpadn\u00e9ho pozd\u011bj\u0161\u00edho osloven\u00ed z\u00e1jemce. Pot\u00e9 spr\u00e1vce \u00fadaj\u016f p\u0159\u00edpadn\u011b ponech\u00e1 inofrmaci o tom, kter\u00e1 osoba se u n\u00ed uch\u00e1zela o zam\u011bstn\u00e1n\u00ed a jak\u00fd byl v\u00fdsledek v\u00fdb\u011brov\u00e9ho \u0159\u00edzen\u00ed (a d\u016fvod v\u00fdsledku).<\/p>\n<ol>\n<li value=\"6\"><strong>Pr\u00e1va subjektu \u00fadaj\u016f<\/strong><\/li>\n<\/ol>\n<p>Subjekt \u00fadaj\u016f m\u00e1 pr\u00e1vo:<\/p>\n<ol>\n<li>Na p\u0159\u00edstup k\u00a0osobn\u00edm \u00fadaj\u016fm<\/li>\n<li>po\u017e\u00e1dat spr\u00e1vce \u00fadaj\u016f nebo zpracovatele o vysv\u011btlen\u00ed, pokud se domn\u00edv\u00e1, \u017ee prov\u00e1d\u00ed zpracov\u00e1n\u00ed jeho osobn\u00edch \u00fadaj\u016f v rozporu s ochranou soukrom\u00e9ho a osobn\u00edho \u017eivota nebo v rozporu se z\u00e1konem, zejm\u00e9na jsou-li Osobn\u00ed \u00fadaje nep\u0159esn\u00e9 s\u00a0ohledem na \u00fa\u010del jejich zpracov\u00e1n\u00ed.<\/li>\n<li>Na v\u00fdmaz osobn\u00edch \u00fadaj\u016f, nejsou \u2013li pot\u0159ebn\u00e9 pro \u00fa\u010dely, pro kter\u00e9 byly shrom\u00e1\u017ed\u011bny \u010di jinak zpracov\u00e1ny.<\/li>\n<li>Na p\u0159enositelnost osobn\u00edch \u00fadaj\u016f<\/li>\n<li>Obr\u00e1tit se na \u00da\u0159ad pro ochranu osobn\u00edch \u00fadaj\u016f.7<\/li>\n<li>Po\u017e\u00e1d\u00e1-li Kupuj\u00edc\u00ed o informaci o zpracov\u00e1n\u00ed sv\u00fdch Osobn\u00edch \u00fadaj\u016f, je mu Prod\u00e1vaj\u00edc\u00ed povinen tuto informaci p\u0159edat. Prod\u00e1vaj\u00edc\u00ed m\u00e1 pr\u00e1vo za poskytnut\u00ed informace podle p\u0159edchoz\u00ed v\u011bty po\u017eadovat p\u0159im\u011b\u0159enou \u00fahradu nep\u0159evy\u0161uj\u00edc\u00ed n\u00e1klady nezbytn\u00e9 na poskytnut\u00ed informace.<\/li>\n<\/ol>\n<ol>\n<li value=\"7\"><strong>Z\u00e1v\u011bre\u010dn\u00e1 ustanoven\u00ed<\/strong><\/li>\n<\/ol>\n<p>P\u0159edpis pro zpracov\u00e1n\u00ed osobn\u00edch \u00fadaj\u016f a jejich ochrana nab\u00fdv\u00e1 \u00fa\u010dinnost\u00ed dnem 25.5.2018 a je k\u00a0dispozici na internetov\u00fdch str\u00e1nk\u00e1ch\u00a0<a href=\"http:\/\/www.melivita.cz\/\">www.melivita.cz<\/a><\/p>\n<p>Schv\u00e1leno dne 24.5.2018<\/p>\n<p>Mgr. Kate\u0159ina Cyrusov\u00e1<\/p>\n","protected":false},"excerpt":{"rendered":"<p>P\u0158EDPIS PRO ZPRACOV\u00c1N\u00cd OSOBN\u00cdCH \u00daDAJ\u016e A JEJICH OCHRANA Soci\u00e1ln\u00ed podnik MELIVITA s.r.o. I\u010c 05012538, se s\u00eddlem Kratochv\u00edlova 3, 702 00 Ostrava, je pro \u00fa\u010dely zpracov\u00e1n\u00ed osobn\u00edch \u00fadaj\u016f spr\u00e1vcem \u00fadaj (d\u00e1le jen spr\u00e1vce), kter\u00e9 n\u00e1m Vy, jako subjekt \u00fadaj\u016f poskytnete (d\u00e1le jen subjekt \u00fadaj\u016f). Abychom byli v souladu s\u00a0evropsk\u00fdm na\u0159\u00edzen\u00edm GDPR, sladili jsme na\u0161e postupy s\u00a0platnou [&hellip;]<\/p>\n","protected":false},"author":1,"featured_media":0,"parent":0,"menu_order":0,"comment_status":"closed","ping_status":"closed","template":"","meta":{"_monsterinsights_skip_tracking":false,"_monsterinsights_sitenote_active":false,"_monsterinsights_sitenote_note":"","_monsterinsights_sitenote_category":0,"footnotes":""},"class_list":["post-2464","page","type-page","status-publish","hentry"],"jetpack_sharing_enabled":true,"_links":{"self":[{"href":"https:\/\/melivita.cz\/index.php?rest_route=\/wp\/v2\/pages\/2464","targetHints":{"allow":["GET"]}}],"collection":[{"href":"https:\/\/melivita.cz\/index.php?rest_route=\/wp\/v2\/pages"}],"about":[{"href":"https:\/\/melivita.cz\/index.php?rest_route=\/wp\/v2\/types\/page"}],"author":[{"embeddable":true,"href":"https:\/\/melivita.cz\/index.php?rest_route=\/wp\/v2\/users\/1"}],"replies":[{"embeddable":true,"href":"https:\/\/melivita.cz\/index.php?rest_route=%2Fwp%2Fv2%2Fcomments&post=2464"}],"version-history":[{"count":1,"href":"https:\/\/melivita.cz\/index.php?rest_route=\/wp\/v2\/pages\/2464\/revisions"}],"predecessor-version":[{"id":2554,"href":"https:\/\/melivita.cz\/index.php?rest_route=\/wp\/v2\/pages\/2464\/revisions\/2554"}],"wp:attachment":[{"href":"https:\/\/melivita.cz\/index.php?rest_route=%2Fwp%2Fv2%2Fmedia&parent=2464"}],"curies":[{"name":"wp","href":"https:\/\/api.w.org\/{rel}","templated":true}]}}